{"id":159,"date":"2016-08-30T17:09:22","date_gmt":"2016-08-30T20:09:22","guid":{"rendered":"http:\/\/www.templodeavalon.com\/site\/?page_id=159"},"modified":"2025-06-22T16:09:53","modified_gmt":"2025-06-22T19:09:53","slug":"contato","status":"publish","type":"page","link":"https:\/\/www.templodeavalon.com.br\/site\/contato\/","title":{"rendered":"Contato"},"content":{"rendered":"<div id=\"pl-159\"  class=\"panel-layout\" ><div id=\"pg-159-0\"  class=\"panel-grid panel-no-style\" ><div id=\"pgc-159-0-0\"  class=\"panel-grid-cell\" ><div id=\"panel-159-0-0-0\" class=\"so-panel widget widget_text panel-first-child panel-last-child\" data-index=\"0\" ><h3 class=\"widget-title\">Rowena Ferch Aranrot<\/h3>\t\t\t<div class=\"textwidget\">Val\u00e9ria Rowena \u00e9 formada em Educa\u00e7\u00e3o F\u00edsica pela Faculdade Fefisa de Santo Andr\u00e9, SP. Especializa\u00e7\u00e3o em Condicionamento F\u00edsico e Biodan\u00e7a. Escritora, pesquisadora autodidata, oraculista e terapeuta hol\u00edstica. Atua desde 1990 nas \u00e1reas da sa\u00fade f\u00edsica, metaf\u00edsica e espiritual. A partir de 2004 come\u00e7ou a vivenciar o Druidismo moderno sob uma \u00f3tica reconstrucionista. Realiza palestras sobre a cultura celta, conduz grupos a locais sagrados na natureza e incentiva a pr\u00e1tica da medita\u00e7\u00e3o como forma de autoconhecimento. Idealizadora do site Templo de Avalon : Caer Siddi e do grupo Caer Fidnem\u0117d an S\u00edd. Filiada \u00e0 ordem dru\u00eddica <a href=\"https:\/\/www.adf.org\/\" target=\"_blank\" rel=\"noopener noreferrer\">ADF<\/a> e integrante do <a href=\"https:\/\/cbdrc.com.br\/\" target=\"_blank\" rel=\"noopener\">CBDRC<\/a>. Autora do livro <a href=\"https:\/\/www.templodeavalon.com.br\/produto\/livro-brumas-do-tempo\" target=\"_blank\">Brumas do Tempo<\/a>, da Mentoria Oracular  <a href=\"https:\/\/www.anammor.com.br\/\" target=\"_blank\">Anam M\u00f3r \u00ae<\/a> e do <a href=\"https:\/\/www.hotmart.com\/product\/ogham-o-alfabeto-e-oraculo-irlandes\" target=\"_blank\">Portal de Cursos<\/a>.  Agende sua consulta!\n<br><br>\n<p align=\"center\"><img loading=\"lazy\" decoding=\"async\" src=\"https:\/\/www.templodeavalon.com\/imagens\/borda.png\" alt=\"\" width=\"400\" height=\"30\" align=\"absMiddle\" border=\"0\" style=\"max-width: 100%; height: auto;\" \/><\/p><\/div>\n\t\t<\/div><\/div><\/div><div id=\"pg-159-1\"  class=\"panel-grid panel-no-style\" ><div id=\"pgc-159-1-0\"  class=\"panel-grid-cell\" ><div id=\"panel-159-1-0-0\" class=\"so-panel widget widget_text panel-first-child panel-last-child\" data-index=\"1\" >\t\t\t<div class=\"textwidget\">\n<div class=\"wpcf7 no-js\" id=\"wpcf7-f5-o1\" lang=\"pt-BR\" dir=\"ltr\">\n<div class=\"screen-reader-response\"><p role=\"status\" aria-live=\"polite\" aria-atomic=\"true\"><\/p> <ul><\/ul><\/div>\n<form action=\"\/site\/wp-json\/wp\/v2\/pages\/159#wpcf7-f5-o1\" method=\"post\" class=\"wpcf7-form init\" aria-label=\"Formul\u00e1rios de contato\" novalidate=\"novalidate\" data-status=\"init\">\n<div style=\"display: none;\">\n<input type=\"hidden\" name=\"_wpcf7\" value=\"5\" \/>\n<input type=\"hidden\" name=\"_wpcf7_version\" value=\"5.8.4\" \/>\n<input type=\"hidden\" name=\"_wpcf7_locale\" value=\"pt_BR\" \/>\n<input type=\"hidden\" name=\"_wpcf7_unit_tag\" value=\"wpcf7-f5-o1\" \/>\n<input type=\"hidden\" name=\"_wpcf7_container_post\" value=\"0\" \/>\n<input type=\"hidden\" name=\"_wpcf7_posted_data_hash\" value=\"\" \/>\n<\/div>\n<p>Seu nome (obrigat\u00f3rio)\n<\/p>\n<p><span class=\"wpcf7-form-control-wrap\" data-name=\"your-name\"><input size=\"40\" class=\"wpcf7-form-control wpcf7-text wpcf7-validates-as-required\" aria-required=\"true\" aria-invalid=\"false\" value=\"\" type=\"text\" name=\"your-name\" \/><\/span>\n<\/p>\n<p>Seu e-mail (obrigat\u00f3rio)\n<\/p>\n<p><span class=\"wpcf7-form-control-wrap\" data-name=\"your-email\"><input size=\"40\" class=\"wpcf7-form-control wpcf7-email wpcf7-validates-as-required wpcf7-text wpcf7-validates-as-email\" aria-required=\"true\" aria-invalid=\"false\" value=\"\" type=\"email\" name=\"your-email\" \/><\/span>\n<\/p>\n<p>Assunto\n<\/p>\n<p><span class=\"wpcf7-form-control-wrap\" data-name=\"your-subject\"><input size=\"40\" class=\"wpcf7-form-control wpcf7-text\" aria-invalid=\"false\" value=\"\" type=\"text\" name=\"your-subject\" \/><\/span>\n<\/p>\n<p>Sua mensagem\n<\/p>\n<p><span class=\"wpcf7-form-control-wrap\" data-name=\"your-message\"><textarea cols=\"40\" rows=\"10\" class=\"wpcf7-form-control wpcf7-textarea\" aria-invalid=\"false\" name=\"your-message\"><\/textarea><\/span>\n<\/p>\n<p><input class=\"wpcf7-form-control wpcf7-submit has-spinner\" type=\"submit\" value=\"Enviar\" \/>\n<\/p><p style=\"display: none !important;\"><label>&#916;<textarea name=\"_wpcf7_ak_hp_textarea\" cols=\"45\" rows=\"8\" maxlength=\"100\"><\/textarea><\/label><input type=\"hidden\" id=\"ak_js_1\" name=\"_wpcf7_ak_js\" value=\"32\"\/><script>document.getElementById( \"ak_js_1\" ).setAttribute( \"value\", ( new Date() ).getTime() );<\/script><\/p><div class=\"wpcf7-response-output\" aria-hidden=\"true\"><\/div>\n<\/form>\n<\/div>\n\n<\/div>\n\t\t<\/div><\/div><div id=\"pgc-159-1-1\"  class=\"panel-grid-cell\" ><div id=\"panel-159-1-1-0\" class=\"so-panel widget widget_text panel-first-child panel-last-child\" data-index=\"2\" >\t\t\t<div class=\"textwidget\"><p><strong><a href=\"https:\/\/templodeavalon.com.br\/rowena-ferch-aranrot\/\" target=\"_blank\">Rowena A. Sen\u0117w\u0117en \u00ae<\/a><\/strong><br \/>\nPesquisadora da Cultura Celta e do Druidismo<br \/>Consultoria Hol\u00edstica e Mentoria Oracular<\/p>\n<p><a href=\"https:\/\/brumasdotempo.blogspot.com\" target=\"_blank\" rel=\"noopener\"><img decoding=\"async\" src=\"https:\/\/www.templodeavalon.com\/images\/rss.png\" border=\"0\" \/><\/a> <a href=\"https:\/\/pt.slideshare.net\/RowenaArnehoySeneween\" target=\"_blank\" rel=\"noopener\"><img decoding=\"async\" src=\"https:\/\/www.templodeavalon.com\/images\/slideshare.png\" border=\"0\" \/><\/a> <a href=\"https:\/\/www.facebook.com\/rowena.caersiddi\" target=\"_blank\" rel=\"noopener\"><img decoding=\"async\" src=\"https:\/\/www.templodeavalon.com\/images\/facebook.png\" border=\"0\" \/><\/a> <a href=\"https:\/\/www.twitter.com\/templodeavalon\" target=\"_blank\" rel=\"noopener\"><img decoding=\"async\" src=\"https:\/\/www.templodeavalon.com\/images\/twitter.png\" border=\"0\" \/><\/a> <a href=\"https:\/\/www.instagram.com\/valeria.rowena\/\" target=\"_blank\" rel=\"noopener\"><img decoding=\"async\" src=\"https:\/\/www.templodeavalon.com\/images\/instagram.png\" border=\"0\" \/><\/a> <a href=\"https:\/\/www.youtube.com\/user\/rowenaseneween\" target=\"_blank\" rel=\"noopener\"><img decoding=\"async\" src=\"https:\/\/www.templodeavalon.com\/images\/youtube.png\" border=\"0\" \/><\/a> <a href=\"https:\/\/www.pinterest.com\/rowenacaersiddi\/inspira%C3%A7%C3%B5es\/\" target=\"_blank\" rel=\"noopener\"><img decoding=\"async\" src=\"https:\/\/www.templodeavalon.com\/images\/pinterest.png\" border=\"0\" \/><\/a> <a href=\"https:\/\/tresreinosceltas.blogspot.com\" target=\"_blank\" rel=\"noopener\"><img decoding=\"async\" src=\"https:\/\/www.templodeavalon.com\/images\/rss.png\" border=\"0\" \/><\/a><\/p>\n<p>&nbsp;<\/p>\n<p><b>Meu fim \u00e9 o meu come\u00e7o. F\u00e1ilte!<\/b><\/p>\n<div style=\"font-size: 16px\">\n            <span><i class=\"fa fa-phone\"> &nbsp;&nbsp;<\/i>(11) 9.7753-6809 TIM | WTS<\/span>\n<\/div>\n<p><img decoding=\"async\" src=\"https:\/\/www.templodeavalon.com.br\/site\/wp-content\/uploads\/cat.png\" border=\"0\" \/><\/p>\n<\/div>\n\t\t<\/div><\/div><\/div><\/div>","protected":false},"excerpt":{"rendered":"<p>Val\u00e9ria Rowena \u00e9 formada em Educa\u00e7\u00e3o F\u00edsica pela Faculdade Fefisa de Santo Andr\u00e9, SP. Especializa\u00e7\u00e3o em Condicionamento F\u00edsico e Biodan\u00e7a. Escritora, pesquisadora autodidata, oraculista e terapeuta hol\u00edstica. Atua desde 1990 nas \u00e1reas da sa\u00fade f\u00edsica, metaf\u00edsica e espiritual. A partir de 2004 come\u00e7ou a vivenciar o Druidismo moderno sob uma \u00f3tica reconstrucionista. Realiza palestras sobre [&hellip;]<\/p>\n","protected":false},"author":1,"featured_media":0,"parent":0,"menu_order":0,"comment_status":"open","ping_status":"open","template":"page-templates\/full-width.php","meta":{"jetpack_post_was_ever_published":false,"footnotes":""},"class_list":["post-159","page","type-page","status-publish","hentry"],"jetpack_sharing_enabled":true,"jetpack_shortlink":"https:\/\/wp.me\/P8NUQ0-2z","_links":{"self":[{"href":"https:\/\/www.templodeavalon.com.br\/site\/wp-json\/wp\/v2\/pages\/159","targetHints":{"allow":["GET"]}}],"collection":[{"href":"https:\/\/www.templodeavalon.com.br\/site\/wp-json\/wp\/v2\/pages"}],"about":[{"href":"https:\/\/www.templodeavalon.com.br\/site\/wp-json\/wp\/v2\/types\/page"}],"author":[{"embeddable":true,"href":"https:\/\/www.templodeavalon.com.br\/site\/wp-json\/wp\/v2\/users\/1"}],"replies":[{"embeddable":true,"href":"https:\/\/www.templodeavalon.com.br\/site\/wp-json\/wp\/v2\/comments?post=159"}],"version-history":[{"count":143,"href":"https:\/\/www.templodeavalon.com.br\/site\/wp-json\/wp\/v2\/pages\/159\/revisions"}],"predecessor-version":[{"id":934,"href":"https:\/\/www.templodeavalon.com.br\/site\/wp-json\/wp\/v2\/pages\/159\/revisions\/934"}],"wp:attachment":[{"href":"https:\/\/www.templodeavalon.com.br\/site\/wp-json\/wp\/v2\/media?parent=159"}],"curies":[{"name":"wp","href":"https:\/\/api.w.org\/{rel}","templated":true}]}}